{"id":64,"date":"2022-01-17T22:43:24","date_gmt":"2022-01-17T21:43:24","guid":{"rendered":"https:\/\/aniamaslowska.pl\/?page_id=64"},"modified":"2022-01-17T22:45:56","modified_gmt":"2022-01-17T21:45:56","slug":"o-mnie","status":"publish","type":"page","link":"https:\/\/aniamaslowska.pl\/en\/o-mnie\/","title":{"rendered":"About"},"content":{"rendered":"\n<p>Projektowanie jest dla mnie poszukiwaniem idealnej r\u00f3wnowagi we wn\u0119trzu, znalezieniem idealnej relacji \u015bwiat\u0142a, przestrzeni oraz odpowiednio do nich dobranych materia\u0142\u00f3w.<\/p>\n\n\n\n<p>Podstawowym elementem ka\u017cdego wn\u0119trza s\u0105 jego mieszka\u0144cy, przemy\u015blane wn\u0119trze to nie tylko \u0142adny design. Przemy\u015blany projekt powinien nadawa\u0107 znaczenie przestrzeni, sk\u0142ada\u0107 j\u0105 w ca\u0142o\u015b\u0107 i \u0142\u0105czy\u0107 ludzi. Pracuj\u0105c nad projektem my\u015bl\u0119 o tym jak domownicy b\u0119d\u0105 do\u015bwiadczali wn\u0119trza. Kt\u00f3re elementy przestrzeni b\u0119d\u0105 s\u0142u\u017cy\u0142y do pracy, kt\u00f3re do odpoczynku, gdzie domownicy b\u0119d\u0105 sp\u0119dzali czas razem, a jaka przestrze\u0144 b\u0119dzie po\u015bwi\u0119cona ich indywidualnym potrzebom. Wn\u0119trze powinno by\u0107 t\u0142em wype\u0142nionym przez mieszka\u0144c\u00f3w, dostosowywa\u0107 si\u0119 do ich potrzeb i sposobu funkcjonowania, zapewniaj\u0105c maksymalny komfort \u017cycia i poczucie bezpiecze\u0144stwa.<\/p>\n\n\n\n<p>Skupiam si\u0119 na relacji \u015bwiat\u0142a, przestrzeni i u\u017cytych materia\u0142\u00f3w, interesuje mnie jak zachowuje si\u0119 \u015bwiat\u0142o na powierzchni, jak oddzia\u0142uje na domownik\u00f3w i wykorzystane materia\u0142y, jakie emocje wywo\u0142a, kt\u00f3re zmys\u0142y pobudzi.<\/p>\n\n\n\n<p>D\u0105\u017c\u0119 do tego by przy oszcz\u0119dnej ilo\u015bci materia\u0142\u00f3w u\u017cytych w projekcie sprawi\u0107 by wn\u0119trze mia\u0142o dusz\u0119 i oddawa\u0142o charakter mieszka\u0144c\u00f3w. Korzystam z naturalnych i szlachetnych materia\u0142\u00f3w, kt\u00f3re godnie si\u0119 zestarzej\u0105, b\u0119d\u0105 opowiada\u0107 histori\u0119 wn\u0119trza i s\u0142u\u017cy\u0107 mieszka\u0144com przez d\u0142ugie lata. Uwa\u017cam, \u017ce powinno si\u0119 posiada\u0107 rzeczy, kt\u00f3re maj\u0105 znaczenie w naszym \u017cyciu: du\u017cy drewniany st\u00f3\u0142 i krzes\u0142a po babci.<\/p>\n\n\n\n<p><\/p>\n\n\n\n<p>GET IN TOUCH:<\/p>\n\n\n\n<p>t: <a href=\"tel:603 156 253\" data-type=\"tel\" data-id=\"tel:603 156 253\">603 156 253<\/a><br><a href=\"mailto:kontakt@aniamaslowska.pl\">kontakt@aniamaslowska.pl<\/a><\/p>\n","protected":false},"excerpt":{"rendered":"<p>Projektowanie jest dla mnie poszukiwaniem idealnej r\u00f3wnowagi we wn\u0119trzu, znalezieniem idealnej relacji \u015bwiat\u0142a, przestrzeni oraz odpowiednio do nich dobranych materia\u0142\u00f3w. Podstawowym elementem ka\u017cdego wn\u0119trza s\u0105 jego mieszka\u0144cy, przemy\u015blane wn\u0119trze to nie tylko \u0142adny design. Przemy\u015blany projekt powinien nadawa\u0107 znaczenie przestrzeni, sk\u0142ada\u0107 j\u0105 w ca\u0142o\u015b\u0107 i \u0142\u0105czy\u0107 ludzi. Pracuj\u0105c nad projektem my\u015bl\u0119 o tym jak domownicy [&hellip;]<\/p>\n","protected":false},"author":1,"featured_media":0,"parent":0,"menu_order":0,"comment_status":"closed","ping_status":"closed","template":"","meta":{"_acf_changed":false,"footnotes":""},"class_list":["post-64","page","type-page","status-publish","hentry"],"acf":[],"yoast_head":"<!-- This site is optimized with the Yoast SEO plugin v27.5 - https:\/\/yoast.com\/product\/yoast-seo-wordpress\/ -->\n<title>About - Ania Mas\u0142owska<\/title>\n<meta name=\"robots\" content=\"index, follow, max-snippet:-1, max-image-preview:large, max-video-preview:-1\" \/>\n<link rel=\"canonical\" href=\"https:\/\/aniamaslowska.pl\/o-mnie\/\" \/>\n<meta property=\"og:locale\" content=\"en_US\" \/>\n<meta property=\"og:type\" content=\"article\" \/>\n<meta property=\"og:title\" content=\"About\" \/>\n<meta property=\"og:description\" content=\"Projektowanie jest dla mnie poszukiwaniem idealnej r\u00f3wnowagi we wn\u0119trzu, znalezieniem idealnej relacji \u015bwiat\u0142a, przestrzeni oraz odpowiednio do nich dobranych materia\u0142\u00f3w. Podstawowym elementem ka\u017cdego wn\u0119trza s\u0105 jego mieszka\u0144cy, przemy\u015blane wn\u0119trze to nie tylko \u0142adny design. Przemy\u015blany projekt powinien nadawa\u0107 znaczenie przestrzeni, sk\u0142ada\u0107 j\u0105 w ca\u0142o\u015b\u0107 i \u0142\u0105czy\u0107 ludzi. Pracuj\u0105c nad projektem my\u015bl\u0119 o tym jak domownicy [&hellip;]\" \/>\n<meta property=\"og:url\" content=\"https:\/\/aniamaslowska.pl\/o-mnie\/\" \/>\n<meta property=\"og:site_name\" content=\"Ania Mas\u0142owska\" \/>\n<meta property=\"article:publisher\" content=\"https:\/\/www.facebook.com\/AniaMaslowskaAW\/\" \/>\n<meta property=\"article:modified_time\" content=\"2022-01-17T21:45:56+00:00\" \/>\n<meta name=\"twitter:card\" content=\"summary_large_image\" \/>\n<meta name=\"twitter:label1\" content=\"Est. reading time\" \/>\n\t<meta name=\"twitter:data1\" content=\"3 minutes\" \/>\n<script type=\"application\/ld+json\" class=\"yoast-schema-graph\">{\"@context\":\"https:\\\/\\\/schema.org\",\"@graph\":[{\"@type\":\"WebPage\",\"@id\":\"https:\\\/\\\/aniamaslowska.pl\\\/o-mnie\\\/\",\"url\":\"https:\\\/\\\/aniamaslowska.pl\\\/o-mnie\\\/\",\"name\":\"[:en]About[:pl]O mnie[:] - Ania Mas\u0142owska\",\"isPartOf\":{\"@id\":\"https:\\\/\\\/aniamaslowska.pl\\\/#website\"},\"datePublished\":\"2022-01-17T21:43:24+00:00\",\"dateModified\":\"2022-01-17T21:45:56+00:00\",\"breadcrumb\":{\"@id\":\"https:\\\/\\\/aniamaslowska.pl\\\/o-mnie\\\/#breadcrumb\"},\"inLanguage\":\"en-US\",\"potentialAction\":[{\"@type\":\"ReadAction\",\"target\":[\"https:\\\/\\\/aniamaslowska.pl\\\/o-mnie\\\/\"]}]},{\"@type\":\"BreadcrumbList\",\"@id\":\"https:\\\/\\\/aniamaslowska.pl\\\/o-mnie\\\/#breadcrumb\",\"itemListElement\":[{\"@type\":\"ListItem\",\"position\":1,\"name\":\"Strona g\u0142\u00f3wna\",\"item\":\"https:\\\/\\\/aniamaslowska.pl\\\/en\\\/\"},{\"@type\":\"ListItem\",\"position\":2,\"name\":\"O mnie\"}]},{\"@type\":\"WebSite\",\"@id\":\"https:\\\/\\\/aniamaslowska.pl\\\/#website\",\"url\":\"https:\\\/\\\/aniamaslowska.pl\\\/\",\"name\":\"Ania Mas\u0142owska\",\"description\":\"Projects\",\"publisher\":{\"@id\":\"https:\\\/\\\/aniamaslowska.pl\\\/#organization\"},\"potentialAction\":[{\"@type\":\"SearchAction\",\"target\":{\"@type\":\"EntryPoint\",\"urlTemplate\":\"https:\\\/\\\/aniamaslowska.pl\\\/?s={search_term_string}\"},\"query-input\":{\"@type\":\"PropertyValueSpecification\",\"valueRequired\":true,\"valueName\":\"search_term_string\"}}],\"inLanguage\":\"en-US\"},{\"@type\":\"Organization\",\"@id\":\"https:\\\/\\\/aniamaslowska.pl\\\/#organization\",\"name\":\"Ania Mas\u0142owska\",\"url\":\"https:\\\/\\\/aniamaslowska.pl\\\/\",\"logo\":{\"@type\":\"ImageObject\",\"inLanguage\":\"en-US\",\"@id\":\"https:\\\/\\\/aniamaslowska.pl\\\/#\\\/schema\\\/logo\\\/image\\\/\",\"url\":\"https:\\\/\\\/aniamaslowska.pl\\\/wp-content\\\/uploads\\\/2022\\\/02\\\/am.webp\",\"contentUrl\":\"https:\\\/\\\/aniamaslowska.pl\\\/wp-content\\\/uploads\\\/2022\\\/02\\\/am.webp\",\"width\":1000,\"height\":1000,\"caption\":\"Ania Mas\u0142owska\"},\"image\":{\"@id\":\"https:\\\/\\\/aniamaslowska.pl\\\/#\\\/schema\\\/logo\\\/image\\\/\"},\"sameAs\":[\"https:\\\/\\\/www.facebook.com\\\/AniaMaslowskaAW\\\/\",\"https:\\\/\\\/www.instagram.com\\\/aniamaslowska.pl\\\/\"]}]}<\/script>\n<!-- \/ Yoast SEO plugin. -->","yoast_head_json":{"title":"About - Ania Mas\u0142owska","robots":{"index":"index","follow":"follow","max-snippet":"max-snippet:-1","max-image-preview":"max-image-preview:large","max-video-preview":"max-video-preview:-1"},"canonical":"https:\/\/aniamaslowska.pl\/o-mnie\/","og_locale":"en_US","og_type":"article","og_title":"[:en]About[:pl]O mnie[:] - Ania Mas\u0142owska","og_description":"Projektowanie jest dla mnie poszukiwaniem idealnej r\u00f3wnowagi we wn\u0119trzu, znalezieniem idealnej relacji \u015bwiat\u0142a, przestrzeni oraz odpowiednio do nich dobranych materia\u0142\u00f3w. Podstawowym elementem ka\u017cdego wn\u0119trza s\u0105 jego mieszka\u0144cy, przemy\u015blane wn\u0119trze to nie tylko \u0142adny design. Przemy\u015blany projekt powinien nadawa\u0107 znaczenie przestrzeni, sk\u0142ada\u0107 j\u0105 w ca\u0142o\u015b\u0107 i \u0142\u0105czy\u0107 ludzi. Pracuj\u0105c nad projektem my\u015bl\u0119 o tym jak domownicy [&hellip;]","og_url":"https:\/\/aniamaslowska.pl\/o-mnie\/","og_site_name":"Ania Mas\u0142owska","article_publisher":"https:\/\/www.facebook.com\/AniaMaslowskaAW\/","article_modified_time":"2022-01-17T21:45:56+00:00","twitter_card":"summary_large_image","twitter_misc":{"Est. reading time":"3 minutes"},"schema":{"@context":"https:\/\/schema.org","@graph":[{"@type":"WebPage","@id":"https:\/\/aniamaslowska.pl\/o-mnie\/","url":"https:\/\/aniamaslowska.pl\/o-mnie\/","name":"[:en]About[:pl]O mnie[:] - Ania Mas\u0142owska","isPartOf":{"@id":"https:\/\/aniamaslowska.pl\/#website"},"datePublished":"2022-01-17T21:43:24+00:00","dateModified":"2022-01-17T21:45:56+00:00","breadcrumb":{"@id":"https:\/\/aniamaslowska.pl\/o-mnie\/#breadcrumb"},"inLanguage":"en-US","potentialAction":[{"@type":"ReadAction","target":["https:\/\/aniamaslowska.pl\/o-mnie\/"]}]},{"@type":"BreadcrumbList","@id":"https:\/\/aniamaslowska.pl\/o-mnie\/#breadcrumb","itemListElement":[{"@type":"ListItem","position":1,"name":"Strona g\u0142\u00f3wna","item":"https:\/\/aniamaslowska.pl\/en\/"},{"@type":"ListItem","position":2,"name":"O mnie"}]},{"@type":"WebSite","@id":"https:\/\/aniamaslowska.pl\/#website","url":"https:\/\/aniamaslowska.pl\/","name":"Ania Mas\u0142owska","description":"Projects","publisher":{"@id":"https:\/\/aniamaslowska.pl\/#organization"},"potentialAction":[{"@type":"SearchAction","target":{"@type":"EntryPoint","urlTemplate":"https:\/\/aniamaslowska.pl\/?s={search_term_string}"},"query-input":{"@type":"PropertyValueSpecification","valueRequired":true,"valueName":"search_term_string"}}],"inLanguage":"en-US"},{"@type":"Organization","@id":"https:\/\/aniamaslowska.pl\/#organization","name":"Ania Mas\u0142owska","url":"https:\/\/aniamaslowska.pl\/","logo":{"@type":"ImageObject","inLanguage":"en-US","@id":"https:\/\/aniamaslowska.pl\/#\/schema\/logo\/image\/","url":"https:\/\/aniamaslowska.pl\/wp-content\/uploads\/2022\/02\/am.webp","contentUrl":"https:\/\/aniamaslowska.pl\/wp-content\/uploads\/2022\/02\/am.webp","width":1000,"height":1000,"caption":"Ania Mas\u0142owska"},"image":{"@id":"https:\/\/aniamaslowska.pl\/#\/schema\/logo\/image\/"},"sameAs":["https:\/\/www.facebook.com\/AniaMaslowskaAW\/","https:\/\/www.instagram.com\/aniamaslowska.pl\/"]}]}},"_links":{"self":[{"href":"https:\/\/aniamaslowska.pl\/en\/wp-json\/wp\/v2\/pages\/64","targetHints":{"allow":["GET"]}}],"collection":[{"href":"https:\/\/aniamaslowska.pl\/en\/wp-json\/wp\/v2\/pages"}],"about":[{"href":"https:\/\/aniamaslowska.pl\/en\/wp-json\/wp\/v2\/types\/page"}],"author":[{"embeddable":true,"href":"https:\/\/aniamaslowska.pl\/en\/wp-json\/wp\/v2\/users\/1"}],"replies":[{"embeddable":true,"href":"https:\/\/aniamaslowska.pl\/en\/wp-json\/wp\/v2\/comments?post=64"}],"version-history":[{"count":3,"href":"https:\/\/aniamaslowska.pl\/en\/wp-json\/wp\/v2\/pages\/64\/revisions"}],"predecessor-version":[{"id":67,"href":"https:\/\/aniamaslowska.pl\/en\/wp-json\/wp\/v2\/pages\/64\/revisions\/67"}],"wp:attachment":[{"href":"https:\/\/aniamaslowska.pl\/en\/wp-json\/wp\/v2\/media?parent=64"}],"curies":[{"name":"wp","href":"https:\/\/api.w.org\/{rel}","templated":true}]}}